{"id":959,"date":"2020-03-17T09:19:04","date_gmt":"2020-03-17T09:19:04","guid":{"rendered":"https:\/\/dcare.training\/hvad-handler-d-care-projektet-om\/"},"modified":"2022-07-20T09:49:46","modified_gmt":"2022-07-20T09:49:46","slug":"hvad-handler-d-care-projektet-om","status":"publish","type":"page","link":"https:\/\/dcare.training\/da\/hvad-handler-d-care-projektet-om\/","title":{"rendered":"Hvad handler D-Care projektet om"},"content":{"rendered":"<p>[vc_row css=&#8221;.vc_custom_1576750191581{padding-right: 5% !important;padding-left: 5% !important;}&#8221;][vc_column][vc_empty_space height=&#8221;50px&#8221;][vc_column_text]<\/p>\n<h2>D-Care projektet<\/h2>\n<p style=\"text-align: justify;\"><img loading=\"lazy\" decoding=\"async\" class=\"alignleft wp-image-336 size-medium\" src=\"https:\/\/dcare.training\/wp-content\/uploads\/2019\/12\/dcare-granny-trigwno-400-300x300.png\" alt=\"\" width=\"300\" height=\"300\" srcset=\"https:\/\/dcare.training\/wp-content\/uploads\/2019\/12\/dcare-granny-trigwno-400-300x300.png 300w, https:\/\/dcare.training\/wp-content\/uploads\/2019\/12\/dcare-granny-trigwno-400-150x150.png 150w, https:\/\/dcare.training\/wp-content\/uploads\/2019\/12\/dcare-granny-trigwno-400.png 400w\" sizes=\"(max-width: 300px) 100vw, 300px\" \/>Verdens befolkning bliver hurtigt \u00e6ldre og \u00e6ldre og i l\u00f8bet af de sidste 50 \u00e5r har der i Europa v\u00e6ret en stigning i sygdomme forbundet med aldring, s\u00e5 som demens. Det ansl\u00e5s, at der inden 2050 vil v\u00e6re ca. 18,66 millioner europ\u00e6ere med en demenssygdom.<\/p>\n<p style=\"text-align: justify;\">Mennesker, der er ber\u00f8rt af demens, st\u00e5r ofte over for kognitive, adf\u00e6rdsm\u00e6ssige og psykosociale vanskeligheder. Disse vanskeligheder udg\u00f8r i mange tilf\u00e6lde en udfordring i forhold til at engagere sig socialt og kan p\u00e5virke livskvaliteten. Ud over indvirkningen p\u00e5 personen med demens p\u00e5virker sygdommen ogs\u00e5 de mennesker, der er omsorgsgivere for personen. I mange lande er det familie og venner, der st\u00e5r for denne omsorg og de fleste af dem f\u00f8ler sig uforberedte til at p\u00e5tage sig denne nye rolle. Det at v\u00e6re omsorgsperson for et menneske med demens kan for\u00e5rsage b\u00e5de fysiske og mentale sundhedsproblemer bl.a. p\u00e5 grund af stress. Det kan ogs\u00e5 g\u00e5 ud over arbejde og relationer til andre mennesker og medf\u00f8re frustration over at m\u00e5tte tilsides\u00e6tte egne behov. Omsorg for demensramte er ligeledes en vanskelig og stressende opgave for det professionelle plejepersonale og der er brug for mere viden og flere v\u00e6rkt\u00f8jer. D-Care projektet \u00f8nsker at medvirke til at d\u00e6kke behovet for opkvalificering af plejepersonale, der tager sig af personer, der er ramt af demens. Vi vil udvikle et undervisningsprogram i form af blended learning, hvor personer, der giver omsorg til demensramte (fagfolk s\u00e5vel som ikke-fagfolk) kan tilegne sig de n\u00f8dvendige kompetencer i forhold til, hvordan man bedst hj\u00e6lper mennesker med demens og hvordan man som omsorgsgiver undg\u00e5r at f\u00f8le sig isoleret. Programmet kan bruges i erhvervsuddannelser, i efteruddannelse for voksne og til undervisning af plejepersonale og frivillige.<\/p>\n<p style=\"text-align: justify;\">Partnerskabet best\u00e5r af forskellige typer organisationer: offentlige og private erhvervsuddannelsesinstitutioner, offentlige arbejdsgivere for professionelt plejepersonale, NGO&#8217;er og SMV&#8217;er fra Storbritannien, Danmark, Spanien og Gr\u00e6kenland samt en europ\u00e6isk faglig sammenslutning med base i Bruxelles, Belgien. Dette giver en unik mulighed for at finde kreative l\u00f8sninger i f\u00e6llesskab.<\/p>\n<p>[\/vc_column_text][vc_empty_space height=&#8221;50px&#8221;][vc_column_text]<\/p>\n<h2>M\u00e5lgrupper<\/h2>\n<p style=\"text-align: justify;\"><img loading=\"lazy\" decoding=\"async\" class=\"alignright wp-image-348 size-medium\" src=\"https:\/\/dcare.training\/wp-content\/uploads\/2019\/12\/dcare-grandpa-400-final-300x300.png\" alt=\"\" width=\"300\" height=\"300\" srcset=\"https:\/\/dcare.training\/wp-content\/uploads\/2019\/12\/dcare-grandpa-400-final-300x300.png 300w, https:\/\/dcare.training\/wp-content\/uploads\/2019\/12\/dcare-grandpa-400-final-150x150.png 150w, https:\/\/dcare.training\/wp-content\/uploads\/2019\/12\/dcare-grandpa-400-final.png 400w\" sizes=\"(max-width: 300px) 100vw, 300px\" \/>M\u00e5lgrupperne for dette projekt er professionelle og ikke-professionelle omsorgsgivere (herunder familiemedlemmer \/ venner \/ frivillige), studerende p\u00e5 social- og sundhedsuddannelser, uddannelsesudbydere, l\u00e6rere, undervisere og andre, der vil uddanne sig til at arbejde med demensramte. Ogs\u00e5 personer, der lever med demens, er indbefattet i m\u00e5lgruppen.<\/p>\n<p style=\"text-align: justify;\">Mere end 2.000 mennesker vil indirekte drage fordel af eller v\u00e6re m\u00e5l for de aktiviteter, der bliver organiseret i l\u00f8bet af projektet. Efter et kursusforl\u00f8b for undervisere, vil der blive udviklet yderligere to kurser. Det f\u00f8rste vil involvere professionelle omsorgsgivere, der \u00f8nsker at arbejde med demensramte og der vil v\u00e6re undervisning om CST og viden om oprettelse af netv\u00e6rk. Det andet vil involvere ikke-professionelle omsorgsgivere for at hj\u00e6lpe dem med at st\u00f8tte og hj\u00e6lpe personen med demens og for at give dem et pusterum.<br \/>\nKompetenceudvikling af professionelle omsorgsgivere er en af prioriteterne i D-Care projektet. Tilegnelsen af nye kompetencer vil s\u00e6tte plejepersonale i stand til at levere ydelser af h\u00f8j kvalitet. Personer med demens vil selv blive involveret som medudviklere i processen. L\u00e6rere og studerende (fagfolk og ikke-fagfolk) vil f\u00e5 mulighed for at anvende IKT og forbedre deres digitale f\u00e6rdigheder.<\/p>\n<p>[\/vc_column_text][vc_empty_space height=&#8221;50px&#8221;][vc_column_text]<\/p>\n<h2>De forventede resultater<\/h2>\n<p><img loading=\"lazy\" decoding=\"async\" class=\"alignleft wp-image-332 size-medium\" src=\"https:\/\/dcare.training\/wp-content\/uploads\/2019\/12\/dcare-granny-400-300x300.png\" alt=\"\" width=\"300\" height=\"300\" srcset=\"https:\/\/dcare.training\/wp-content\/uploads\/2019\/12\/dcare-granny-400-300x300.png 300w, https:\/\/dcare.training\/wp-content\/uploads\/2019\/12\/dcare-granny-400-150x150.png 150w, https:\/\/dcare.training\/wp-content\/uploads\/2019\/12\/dcare-granny-400.png 400w\" sizes=\"(max-width: 300px) 100vw, 300px\" \/>D-Care-projektet forventes at have positive og langvarige effekter p\u00e5 deltagerne, da det skal levere f\u00f8lgende resultater:<\/p>\n<ol>\n<li>Forbedret viden om demens og konsekvenserne af demens for bedre at kunne bevare livskvalitet, autonomi og rettigheder hos mennesker, der lever med demens og hos deres omsorgsgivere.<\/li>\n<li>Mere aktiv deltagelse i samfundet og mere positiv holdning til EU-v\u00e6rdier P\u00e5 systemisk niveau, forventes D-Care-projektet at respondere p\u00e5 en positiv m\u00e5de i forhold til Europas politikker vedr\u00f8rende:<\/li>\n<\/ol>\n<p>\u2022 Aktivt medborgerskab<br \/>\n\u2022 Fremme af social inklusion og ikke-diskrimination<br \/>\n\u2022 Livslang l\u00e6ring<\/p>\n<p style=\"text-align: justify;\">Projektets vigtigste b\u00e6redygtige resultater vil omfatte: \u00f8get fokus p\u00e5 fordelene ved innovativ demensomsorg for mennesker, der lever med demens. Dette omfatter forbedret sundhed og velv\u00e6re samt b\u00e6redygtig forbedring af den st\u00f8tte og den mulighed for aflastning, der gives til omsorgsgiverne.<\/p>\n<p>[\/vc_column_text][vc_empty_space height=&#8221;50px&#8221;][\/vc_column][\/vc_row]<\/p>\n","protected":false},"excerpt":{"rendered":"<p>[vc_row css=&#8221;.vc_custom_1576750191581{padding-right: 5% !important;padding-left: 5% !important;}&#8221;][vc_column][vc_empty_space height=&#8221;50px&#8221;][vc_column_text] D-Care projektet Verdens befolkning bliver hurtigt \u00e6ldre og \u00e6ldre og i l\u00f8bet af de sidste 50 \u00e5r har&hellip;<\/p>\n","protected":false},"author":1,"featured_media":785,"parent":0,"menu_order":0,"comment_status":"closed","ping_status":"closed","template":"","meta":{"footnotes":""},"class_list":["post-959","page","type-page","status-publish","has-post-thumbnail","hentry"],"yoast_head":"<!-- This site is optimized with the Yoast SEO plugin v23.8 - https:\/\/yoast.com\/wordpress\/plugins\/seo\/ -->\n<title>Hvad handler D-Care projektet om - Respect &amp; Respite<\/title>\n<meta name=\"robots\" content=\"index, follow, max-snippet:-1, max-image-preview:large, max-video-preview:-1\" \/>\n<link rel=\"canonical\" href=\"https:\/\/dcare.training\/da\/hvad-handler-d-care-projektet-om\/\" \/>\n<meta property=\"og:locale\" content=\"da_DK\" \/>\n<meta property=\"og:type\" content=\"article\" \/>\n<meta property=\"og:title\" content=\"Hvad handler D-Care projektet om - Respect &amp; Respite\" \/>\n<meta property=\"og:description\" content=\"[vc_row css=&#8221;.vc_custom_1576750191581{padding-right: 5% !important;padding-left: 5% !important;}&#8221;][vc_column][vc_empty_space height=&#8221;50px&#8221;][vc_column_text] D-Care projektet Verdens befolkning bliver hurtigt \u00e6ldre og \u00e6ldre og i l\u00f8bet af de sidste 50 \u00e5r har&hellip;\" \/>\n<meta property=\"og:url\" content=\"https:\/\/dcare.training\/da\/hvad-handler-d-care-projektet-om\/\" \/>\n<meta property=\"og:site_name\" content=\"Respect &amp; Respite\" \/>\n<meta property=\"article:publisher\" content=\"https:\/\/www.facebook.com\/D-Care-Training-101814894692912\/\" \/>\n<meta property=\"article:modified_time\" content=\"2022-07-20T09:49:46+00:00\" \/>\n<meta property=\"og:image\" content=\"https:\/\/dcare.training\/wp-content\/uploads\/2020\/03\/featured-image-project.jpg\" \/>\n\t<meta property=\"og:image:width\" content=\"1200\" \/>\n\t<meta property=\"og:image:height\" content=\"630\" \/>\n\t<meta property=\"og:image:type\" content=\"image\/jpeg\" \/>\n<meta name=\"twitter:card\" content=\"summary_large_image\" \/>\n<meta name=\"twitter:label1\" content=\"Estimeret l\u00e6setid\" \/>\n\t<meta name=\"twitter:data1\" content=\"4 minutter\" \/>\n<script type=\"application\/ld+json\" class=\"yoast-schema-graph\">{\"@context\":\"https:\/\/schema.org\",\"@graph\":[{\"@type\":\"WebPage\",\"@id\":\"https:\/\/dcare.training\/da\/hvad-handler-d-care-projektet-om\/\",\"url\":\"https:\/\/dcare.training\/da\/hvad-handler-d-care-projektet-om\/\",\"name\":\"Hvad handler D-Care projektet om - Respect & Respite\",\"isPartOf\":{\"@id\":\"https:\/\/dcare.training\/#website\"},\"primaryImageOfPage\":{\"@id\":\"https:\/\/dcare.training\/da\/hvad-handler-d-care-projektet-om\/#primaryimage\"},\"image\":{\"@id\":\"https:\/\/dcare.training\/da\/hvad-handler-d-care-projektet-om\/#primaryimage\"},\"thumbnailUrl\":\"https:\/\/dcare.training\/wp-content\/uploads\/2020\/03\/featured-image-project.jpg\",\"datePublished\":\"2020-03-17T09:19:04+00:00\",\"dateModified\":\"2022-07-20T09:49:46+00:00\",\"breadcrumb\":{\"@id\":\"https:\/\/dcare.training\/da\/hvad-handler-d-care-projektet-om\/#breadcrumb\"},\"inLanguage\":\"da-DK\",\"potentialAction\":[{\"@type\":\"ReadAction\",\"target\":[\"https:\/\/dcare.training\/da\/hvad-handler-d-care-projektet-om\/\"]}]},{\"@type\":\"ImageObject\",\"inLanguage\":\"da-DK\",\"@id\":\"https:\/\/dcare.training\/da\/hvad-handler-d-care-projektet-om\/#primaryimage\",\"url\":\"https:\/\/dcare.training\/wp-content\/uploads\/2020\/03\/featured-image-project.jpg\",\"contentUrl\":\"https:\/\/dcare.training\/wp-content\/uploads\/2020\/03\/featured-image-project.jpg\",\"width\":1200,\"height\":630,\"caption\":\"about d-care\"},{\"@type\":\"BreadcrumbList\",\"@id\":\"https:\/\/dcare.training\/da\/hvad-handler-d-care-projektet-om\/#breadcrumb\",\"itemListElement\":[{\"@type\":\"ListItem\",\"position\":1,\"name\":\"Home\",\"item\":\"https:\/\/dcare.training\/\"},{\"@type\":\"ListItem\",\"position\":2,\"name\":\"Hvad handler D-Care projektet om\"}]},{\"@type\":\"WebSite\",\"@id\":\"https:\/\/dcare.training\/#website\",\"url\":\"https:\/\/dcare.training\/\",\"name\":\"D-care | Respect & Respite\",\"description\":\"D CARE\",\"publisher\":{\"@id\":\"https:\/\/dcare.training\/#organization\"},\"potentialAction\":[{\"@type\":\"SearchAction\",\"target\":{\"@type\":\"EntryPoint\",\"urlTemplate\":\"https:\/\/dcare.training\/?s={search_term_string}\"},\"query-input\":{\"@type\":\"PropertyValueSpecification\",\"valueRequired\":true,\"valueName\":\"search_term_string\"}}],\"inLanguage\":\"da-DK\"},{\"@type\":\"Organization\",\"@id\":\"https:\/\/dcare.training\/#organization\",\"name\":\"D-care\",\"url\":\"https:\/\/dcare.training\/\",\"logo\":{\"@type\":\"ImageObject\",\"inLanguage\":\"da-DK\",\"@id\":\"https:\/\/dcare.training\/#\/schema\/logo\/image\/\",\"url\":\"https:\/\/dcare.training\/wp-content\/uploads\/2019\/12\/D-care-Logo-300px.png\",\"contentUrl\":\"https:\/\/dcare.training\/wp-content\/uploads\/2019\/12\/D-care-Logo-300px.png\",\"width\":300,\"height\":300,\"caption\":\"D-care\"},\"image\":{\"@id\":\"https:\/\/dcare.training\/#\/schema\/logo\/image\/\"},\"sameAs\":[\"https:\/\/www.facebook.com\/D-Care-Training-101814894692912\/\"]}]}<\/script>\n<!-- \/ Yoast SEO plugin. -->","yoast_head_json":{"title":"Hvad handler D-Care projektet om - Respect & Respite","robots":{"index":"index","follow":"follow","max-snippet":"max-snippet:-1","max-image-preview":"max-image-preview:large","max-video-preview":"max-video-preview:-1"},"canonical":"https:\/\/dcare.training\/da\/hvad-handler-d-care-projektet-om\/","og_locale":"da_DK","og_type":"article","og_title":"Hvad handler D-Care projektet om - Respect & Respite","og_description":"[vc_row css=&#8221;.vc_custom_1576750191581{padding-right: 5% !important;padding-left: 5% !important;}&#8221;][vc_column][vc_empty_space height=&#8221;50px&#8221;][vc_column_text] D-Care projektet Verdens befolkning bliver hurtigt \u00e6ldre og \u00e6ldre og i l\u00f8bet af de sidste 50 \u00e5r har&hellip;","og_url":"https:\/\/dcare.training\/da\/hvad-handler-d-care-projektet-om\/","og_site_name":"Respect & Respite","article_publisher":"https:\/\/www.facebook.com\/D-Care-Training-101814894692912\/","article_modified_time":"2022-07-20T09:49:46+00:00","og_image":[{"width":1200,"height":630,"url":"https:\/\/dcare.training\/wp-content\/uploads\/2020\/03\/featured-image-project.jpg","type":"image\/jpeg"}],"twitter_card":"summary_large_image","twitter_misc":{"Estimeret l\u00e6setid":"4 minutter"},"schema":{"@context":"https:\/\/schema.org","@graph":[{"@type":"WebPage","@id":"https:\/\/dcare.training\/da\/hvad-handler-d-care-projektet-om\/","url":"https:\/\/dcare.training\/da\/hvad-handler-d-care-projektet-om\/","name":"Hvad handler D-Care projektet om - Respect & Respite","isPartOf":{"@id":"https:\/\/dcare.training\/#website"},"primaryImageOfPage":{"@id":"https:\/\/dcare.training\/da\/hvad-handler-d-care-projektet-om\/#primaryimage"},"image":{"@id":"https:\/\/dcare.training\/da\/hvad-handler-d-care-projektet-om\/#primaryimage"},"thumbnailUrl":"https:\/\/dcare.training\/wp-content\/uploads\/2020\/03\/featured-image-project.jpg","datePublished":"2020-03-17T09:19:04+00:00","dateModified":"2022-07-20T09:49:46+00:00","breadcrumb":{"@id":"https:\/\/dcare.training\/da\/hvad-handler-d-care-projektet-om\/#breadcrumb"},"inLanguage":"da-DK","potentialAction":[{"@type":"ReadAction","target":["https:\/\/dcare.training\/da\/hvad-handler-d-care-projektet-om\/"]}]},{"@type":"ImageObject","inLanguage":"da-DK","@id":"https:\/\/dcare.training\/da\/hvad-handler-d-care-projektet-om\/#primaryimage","url":"https:\/\/dcare.training\/wp-content\/uploads\/2020\/03\/featured-image-project.jpg","contentUrl":"https:\/\/dcare.training\/wp-content\/uploads\/2020\/03\/featured-image-project.jpg","width":1200,"height":630,"caption":"about d-care"},{"@type":"BreadcrumbList","@id":"https:\/\/dcare.training\/da\/hvad-handler-d-care-projektet-om\/#breadcrumb","itemListElement":[{"@type":"ListItem","position":1,"name":"Home","item":"https:\/\/dcare.training\/"},{"@type":"ListItem","position":2,"name":"Hvad handler D-Care projektet om"}]},{"@type":"WebSite","@id":"https:\/\/dcare.training\/#website","url":"https:\/\/dcare.training\/","name":"D-care | Respect & Respite","description":"D CARE","publisher":{"@id":"https:\/\/dcare.training\/#organization"},"potentialAction":[{"@type":"SearchAction","target":{"@type":"EntryPoint","urlTemplate":"https:\/\/dcare.training\/?s={search_term_string}"},"query-input":{"@type":"PropertyValueSpecification","valueRequired":true,"valueName":"search_term_string"}}],"inLanguage":"da-DK"},{"@type":"Organization","@id":"https:\/\/dcare.training\/#organization","name":"D-care","url":"https:\/\/dcare.training\/","logo":{"@type":"ImageObject","inLanguage":"da-DK","@id":"https:\/\/dcare.training\/#\/schema\/logo\/image\/","url":"https:\/\/dcare.training\/wp-content\/uploads\/2019\/12\/D-care-Logo-300px.png","contentUrl":"https:\/\/dcare.training\/wp-content\/uploads\/2019\/12\/D-care-Logo-300px.png","width":300,"height":300,"caption":"D-care"},"image":{"@id":"https:\/\/dcare.training\/#\/schema\/logo\/image\/"},"sameAs":["https:\/\/www.facebook.com\/D-Care-Training-101814894692912\/"]}]}},"_links":{"self":[{"href":"https:\/\/dcare.training\/da\/wp-json\/wp\/v2\/pages\/959"}],"collection":[{"href":"https:\/\/dcare.training\/da\/wp-json\/wp\/v2\/pages"}],"about":[{"href":"https:\/\/dcare.training\/da\/wp-json\/wp\/v2\/types\/page"}],"author":[{"embeddable":true,"href":"https:\/\/dcare.training\/da\/wp-json\/wp\/v2\/users\/1"}],"replies":[{"embeddable":true,"href":"https:\/\/dcare.training\/da\/wp-json\/wp\/v2\/comments?post=959"}],"version-history":[{"count":0,"href":"https:\/\/dcare.training\/da\/wp-json\/wp\/v2\/pages\/959\/revisions"}],"wp:featuredmedia":[{"embeddable":true,"href":"https:\/\/dcare.training\/da\/wp-json\/wp\/v2\/media\/785"}],"wp:attachment":[{"href":"https:\/\/dcare.training\/da\/wp-json\/wp\/v2\/media?parent=959"}],"curies":[{"name":"wp","href":"https:\/\/api.w.org\/{rel}","templated":true}]}}