{"id":693,"date":"2020-03-04T12:06:17","date_gmt":"2020-03-04T12:06:17","guid":{"rendered":"https:\/\/dcare.training\/proyecto-que-es-d-care\/"},"modified":"2022-07-20T09:57:35","modified_gmt":"2022-07-20T09:57:35","slug":"proyecto-que-es-d-care","status":"publish","type":"page","link":"https:\/\/dcare.training\/es\/proyecto-que-es-d-care\/","title":{"rendered":"\u00bfQu\u00e9 es D-Care?"},"content":{"rendered":"<p>[vc_row css=&#8221;.vc_custom_1576750191581{padding-right: 5% !important;padding-left: 5% !important;}&#8221;][vc_column][vc_empty_space height=&#8221;50px&#8221;][vc_column_text]<\/p>\n<h2 style=\"text-align: justify;\">Acerca del proyecto<\/h2>\n<p style=\"text-align: justify;\"><img loading=\"lazy\" decoding=\"async\" class=\"alignleft wp-image-339 size-medium\" src=\"https:\/\/dcare.training\/wp-content\/uploads\/2019\/12\/dcare-granny-trigwno-400-300x300.png\" alt=\"\" width=\"300\" height=\"300\" srcset=\"https:\/\/dcare.training\/wp-content\/uploads\/2019\/12\/dcare-granny-trigwno-400-300x300.png 300w, https:\/\/dcare.training\/wp-content\/uploads\/2019\/12\/dcare-granny-trigwno-400-150x150.png 150w, https:\/\/dcare.training\/wp-content\/uploads\/2019\/12\/dcare-granny-trigwno-400.png 400w\" sizes=\"(max-width: 300px) 100vw, 300px\" \/>La poblaci\u00f3n mundial est\u00e1 envejeciendo r\u00e1pidamente. Sin embargo, durante los \u00faltimos 50 a\u00f1os se ha producido en Europa un aumento de las enfermedades relacionadas con el envejecimiento, como la demencia. Se calcula que en 2050 habr\u00e1 aproximadamente 18,66 millones de europeos con una enfermedad relacionada con la demencia.<\/p>\n<p style=\"text-align: justify;\">Las personas afectadas por la demencia a menudo se enfrentan a dificultades cognitivas, conductuales y psicosociales. Estas dificultades a menudo plantean un desaf\u00edo para la integraci\u00f3n en la vida social, reforzando sus efectos y reduciendo el bienestar personal. As\u00ed como el impacto en la persona, la demencia tambi\u00e9n tiene un impacto importante en las personas que acompa\u00f1an a las personas enfermas. La mayor\u00eda de los cuidados est\u00e1n proporcionados por familiares y amigos. La mayor\u00eda de los\/las cuidadores\/as no se sienten preparados para asumir este nuevo papel.<\/p>\n<p style=\"text-align: justify;\">El cuidado a menudo puede causar problemas de salud f\u00edsica y mental a las personas cuidadoras originados por el estr\u00e9s que conlleva el cuidado a personas con demencia. Adem\u00e1s, el trabajo y otro tipo de relaciones tambi\u00e9n se ven afectadas. Sumidos por el conflicto interno, muchas personas, descuidan sus propias necesidades. El cuidado tambi\u00e9n supone una tarea dif\u00edcil y estresante para los\/las cuidadores\/as profesionales y necesitan adquirir m\u00e1s conocimiento\/herramientas. El proyecto D-care dar\u00e1 respuesta a las necesidades formativas detectadas por los\/las cuidadores\/as de personas afectadas por demencia, mediante la creaci\u00f3n de un programa formativo mixto, en el que las personas cuidadoras (profesionales y no profesionales), ser\u00e1n capaces de adquirir competencias b\u00e1sicas sobre el cuidado a personas con demencia y c\u00f3mo evitar el aislamiento de las mismas. El programa podr\u00e1 ser utilizado en la formaci\u00f3n profesional, en la formaci\u00f3n continua de voluntarios\/as y personal sanitario y en el aprendizaje a lo largo de la vida de las personas adultas.<\/p>\n<p style=\"text-align: justify;\">El proyecto est\u00e1 compuesto por 9 socios de Italia, Espa\u00f1a, B\u00e9lgica, Grecia, Reino Unido y Dinamarca, que trabajan en el \u00e1mbito de la educaci\u00f3n, la formaci\u00f3n y el cuidado de personas mayores y personas con demencia.<br \/>\nLa asociaci\u00f3n est\u00e1 compuesta por diferentes tipos de organizaciones: centros p\u00fablicos y privados de FP, empleadores p\u00fablicos de cuidadores profesionales, ONGs y PYMEs del Reino Unido, Dinamarca, Espa\u00f1a y Grecia y una amplia asociaci\u00f3n de profesionales con sede en Bruselas, B\u00e9lgica. Esto permitir\u00e1 encontrar soluciones creativas conjuntas.<\/p>\n<p style=\"text-align: center;\">\n<p>[\/vc_column_text][vc_empty_space height=&#8221;50px&#8221;][vc_column_text]<\/p>\n<h2 style=\"text-align: justify;\">Los Grupos Objetivos<\/h2>\n<p style=\"text-align: justify;\"><img loading=\"lazy\" decoding=\"async\" class=\"alignright wp-image-351 size-medium\" src=\"https:\/\/dcare.training\/wp-content\/uploads\/2019\/12\/dcare-grandpa-400-final-300x300.png\" alt=\"\" width=\"300\" height=\"300\" srcset=\"https:\/\/dcare.training\/wp-content\/uploads\/2019\/12\/dcare-grandpa-400-final-300x300.png 300w, https:\/\/dcare.training\/wp-content\/uploads\/2019\/12\/dcare-grandpa-400-final-150x150.png 150w, https:\/\/dcare.training\/wp-content\/uploads\/2019\/12\/dcare-grandpa-400-final.png 400w\" sizes=\"(max-width: 300px) 100vw, 300px\" \/>Los grupos objetivos de este proyecto son los\/las cuidadores\/as profesionales, los\/las cuidadores\/as no profesionales (a menudo miembros de la propia familia\/amigos\/voluntarios), estudiantes del \u00e1mbito de la salud y la asistencia social, los proveedores de formaci\u00f3n &#8211; los docentes, formadores y otros trabajadores que recibir\u00e1n formaci\u00f3n sobre c\u00f3mo trabajar con las personas que padecen demencia y sus cuidadores\/as.<\/p>\n<p style=\"text-align: justify;\">M\u00e1s de 2000 personas podr\u00e1n beneficiarse directa o indirectamente con las actividades generadas por el proyecto. Tras la formaci\u00f3n del profesorado, se desarrollar\u00e1n dos cursos; el primero implicar\u00e1 a los\/las cuidadores\/as profesionales que quieran trabajar con enfermos de demencia, formaci\u00f3n en TEC (Terapia de Estimulaci\u00f3n Cognitiva) y conocimiento sobre la c\u00f3mo establecer grupos para elaborar este tipo de terapia; el segundo implicar\u00e1 a los\/las cuidadores\/as no profesionales con el fin de ense\u00f1arles a ayudar y a apoyar a personas con demencia y as\u00ed poder darles un descanso (respiro).<\/p>\n<p style=\"text-align: justify;\">La mejora de las competencias de los\/las cuidadores\/as profesionales es una de las prioridades del proyecto D-Care, ya que gracias a su formaci\u00f3n obtendr\u00e1n nuevas competencias profesionales que les permitir\u00e1n prestar servicios de calidad; Las personas con demencia estar\u00e1n involucradas como co-desarrolladores en el proceso. Adem\u00e1s, el uso de las TIC y del espacio digital permitir\u00e1 a docentes y a estudiantes (profesionales y no profesionales) mejorar sus capacidades digitales.<\/p>\n<p style=\"text-align: center;\">\n<p>[\/vc_column_text][vc_empty_space height=&#8221;50px&#8221;][vc_column_text]<\/p>\n<h2>Resultados previstos<\/h2>\n<p><img loading=\"lazy\" decoding=\"async\" class=\"alignleft wp-image-335 size-medium\" src=\"https:\/\/dcare.training\/wp-content\/uploads\/2019\/12\/dcare-granny-400-300x300.png\" alt=\"\" width=\"300\" height=\"300\" srcset=\"https:\/\/dcare.training\/wp-content\/uploads\/2019\/12\/dcare-granny-400-300x300.png 300w, https:\/\/dcare.training\/wp-content\/uploads\/2019\/12\/dcare-granny-400-150x150.png 150w, https:\/\/dcare.training\/wp-content\/uploads\/2019\/12\/dcare-granny-400.png 400w\" sizes=\"(max-width: 300px) 100vw, 300px\" \/>El proyecto D-Care tiene como objetivo los siguientes resultados:<\/p>\n<ol>\n<li>Mejorar los conocimientos sobre demencia y sus consecuencias, preservando la calidad de vida, la autonom\u00eda y los derechos de las personas que sufren demencia y la atenci\u00f3n de sus cuidadores\/as.<\/li>\n<li>Una participaci\u00f3n m\u00e1s activa en la sociedad y una actitud m\u00e1s positiva hacia los valores de la UE. A nivel sist\u00e9mico, se espera que el proyecto D-Care d\u00e9 una respuesta positiva a las pol\u00edticas europeas relacionadas con:<\/li>\n<\/ol>\n<p style=\"padding-left: 40px;\">\u2022 Ciudadan\u00eda activa.<br \/>\n\u2022 Promoci\u00f3n de la inclusi\u00f3n social y la no discriminaci\u00f3n.<br \/>\n\u2022 Aprendizaje permanente.<\/p>\n<p>El proyecto tambi\u00e9n quiere ser sostenible mejorando la salud, el bienestar de las personas con demencia y apoyo y descanso a sus cuidadores\/as.<\/p>\n<p style=\"text-align: center;\">\n<p>[\/vc_column_text][vc_empty_space height=&#8221;50px&#8221;][\/vc_column][\/vc_row]<\/p>\n","protected":false},"excerpt":{"rendered":"<p>[vc_row css=&#8221;.vc_custom_1576750191581{padding-right: 5% !important;padding-left: 5% !important;}&#8221;][vc_column][vc_empty_space height=&#8221;50px&#8221;][vc_column_text] Acerca del proyecto La poblaci\u00f3n mundial est\u00e1 envejeciendo r\u00e1pidamente. Sin embargo, durante los \u00faltimos 50 a\u00f1os se ha&hellip;<\/p>\n","protected":false},"author":1,"featured_media":788,"parent":0,"menu_order":0,"comment_status":"closed","ping_status":"closed","template":"","meta":{"footnotes":""},"class_list":["post-693","page","type-page","status-publish","has-post-thumbnail","hentry"],"yoast_head":"<!-- This site is optimized with the Yoast SEO plugin v23.8 - https:\/\/yoast.com\/wordpress\/plugins\/seo\/ -->\n<title>\u00bfQu\u00e9 es D-Care? - Respect &amp; Respite<\/title>\n<meta name=\"robots\" content=\"index, follow, max-snippet:-1, max-image-preview:large, max-video-preview:-1\" \/>\n<link rel=\"canonical\" href=\"https:\/\/dcare.training\/es\/proyecto-que-es-d-care\/\" \/>\n<meta property=\"og:locale\" content=\"es_ES\" \/>\n<meta property=\"og:type\" content=\"article\" \/>\n<meta property=\"og:title\" content=\"\u00bfQu\u00e9 es D-Care? - Respect &amp; Respite\" \/>\n<meta property=\"og:description\" content=\"[vc_row css=&#8221;.vc_custom_1576750191581{padding-right: 5% !important;padding-left: 5% !important;}&#8221;][vc_column][vc_empty_space height=&#8221;50px&#8221;][vc_column_text] Acerca del proyecto La poblaci\u00f3n mundial est\u00e1 envejeciendo r\u00e1pidamente. Sin embargo, durante los \u00faltimos 50 a\u00f1os se ha&hellip;\" \/>\n<meta property=\"og:url\" content=\"https:\/\/dcare.training\/es\/proyecto-que-es-d-care\/\" \/>\n<meta property=\"og:site_name\" content=\"Respect &amp; Respite\" \/>\n<meta property=\"article:publisher\" content=\"https:\/\/www.facebook.com\/D-Care-Training-101814894692912\/\" \/>\n<meta property=\"article:modified_time\" content=\"2022-07-20T09:57:35+00:00\" \/>\n<meta property=\"og:image\" content=\"https:\/\/dcare.training\/wp-content\/uploads\/2020\/03\/featured-image-project.jpg\" \/>\n\t<meta property=\"og:image:width\" content=\"1200\" \/>\n\t<meta property=\"og:image:height\" content=\"630\" \/>\n\t<meta property=\"og:image:type\" content=\"image\/jpeg\" \/>\n<meta name=\"twitter:card\" content=\"summary_large_image\" \/>\n<meta name=\"twitter:label1\" content=\"Tiempo de lectura\" \/>\n\t<meta name=\"twitter:data1\" content=\"4 minutos\" \/>\n<script type=\"application\/ld+json\" class=\"yoast-schema-graph\">{\"@context\":\"https:\/\/schema.org\",\"@graph\":[{\"@type\":\"WebPage\",\"@id\":\"https:\/\/dcare.training\/es\/proyecto-que-es-d-care\/\",\"url\":\"https:\/\/dcare.training\/es\/proyecto-que-es-d-care\/\",\"name\":\"\u00bfQu\u00e9 es D-Care? - Respect & Respite\",\"isPartOf\":{\"@id\":\"https:\/\/dcare.training\/#website\"},\"primaryImageOfPage\":{\"@id\":\"https:\/\/dcare.training\/es\/proyecto-que-es-d-care\/#primaryimage\"},\"image\":{\"@id\":\"https:\/\/dcare.training\/es\/proyecto-que-es-d-care\/#primaryimage\"},\"thumbnailUrl\":\"https:\/\/dcare.training\/wp-content\/uploads\/2020\/03\/featured-image-project.jpg\",\"datePublished\":\"2020-03-04T12:06:17+00:00\",\"dateModified\":\"2022-07-20T09:57:35+00:00\",\"breadcrumb\":{\"@id\":\"https:\/\/dcare.training\/es\/proyecto-que-es-d-care\/#breadcrumb\"},\"inLanguage\":\"es\",\"potentialAction\":[{\"@type\":\"ReadAction\",\"target\":[\"https:\/\/dcare.training\/es\/proyecto-que-es-d-care\/\"]}]},{\"@type\":\"ImageObject\",\"inLanguage\":\"es\",\"@id\":\"https:\/\/dcare.training\/es\/proyecto-que-es-d-care\/#primaryimage\",\"url\":\"https:\/\/dcare.training\/wp-content\/uploads\/2020\/03\/featured-image-project.jpg\",\"contentUrl\":\"https:\/\/dcare.training\/wp-content\/uploads\/2020\/03\/featured-image-project.jpg\",\"width\":1200,\"height\":630,\"caption\":\"about d-care\"},{\"@type\":\"BreadcrumbList\",\"@id\":\"https:\/\/dcare.training\/es\/proyecto-que-es-d-care\/#breadcrumb\",\"itemListElement\":[{\"@type\":\"ListItem\",\"position\":1,\"name\":\"Home\",\"item\":\"https:\/\/dcare.training\/\"},{\"@type\":\"ListItem\",\"position\":2,\"name\":\"\u00bfQu\u00e9 es D-Care?\"}]},{\"@type\":\"WebSite\",\"@id\":\"https:\/\/dcare.training\/#website\",\"url\":\"https:\/\/dcare.training\/\",\"name\":\"D-care | Respect & Respite\",\"description\":\"D CARE\",\"publisher\":{\"@id\":\"https:\/\/dcare.training\/#organization\"},\"potentialAction\":[{\"@type\":\"SearchAction\",\"target\":{\"@type\":\"EntryPoint\",\"urlTemplate\":\"https:\/\/dcare.training\/?s={search_term_string}\"},\"query-input\":{\"@type\":\"PropertyValueSpecification\",\"valueRequired\":true,\"valueName\":\"search_term_string\"}}],\"inLanguage\":\"es\"},{\"@type\":\"Organization\",\"@id\":\"https:\/\/dcare.training\/#organization\",\"name\":\"D-care\",\"url\":\"https:\/\/dcare.training\/\",\"logo\":{\"@type\":\"ImageObject\",\"inLanguage\":\"es\",\"@id\":\"https:\/\/dcare.training\/#\/schema\/logo\/image\/\",\"url\":\"https:\/\/dcare.training\/wp-content\/uploads\/2019\/12\/D-care-Logo-300px.png\",\"contentUrl\":\"https:\/\/dcare.training\/wp-content\/uploads\/2019\/12\/D-care-Logo-300px.png\",\"width\":300,\"height\":300,\"caption\":\"D-care\"},\"image\":{\"@id\":\"https:\/\/dcare.training\/#\/schema\/logo\/image\/\"},\"sameAs\":[\"https:\/\/www.facebook.com\/D-Care-Training-101814894692912\/\"]}]}<\/script>\n<!-- \/ Yoast SEO plugin. -->","yoast_head_json":{"title":"\u00bfQu\u00e9 es D-Care? - Respect & Respite","robots":{"index":"index","follow":"follow","max-snippet":"max-snippet:-1","max-image-preview":"max-image-preview:large","max-video-preview":"max-video-preview:-1"},"canonical":"https:\/\/dcare.training\/es\/proyecto-que-es-d-care\/","og_locale":"es_ES","og_type":"article","og_title":"\u00bfQu\u00e9 es D-Care? - Respect & Respite","og_description":"[vc_row css=&#8221;.vc_custom_1576750191581{padding-right: 5% !important;padding-left: 5% !important;}&#8221;][vc_column][vc_empty_space height=&#8221;50px&#8221;][vc_column_text] Acerca del proyecto La poblaci\u00f3n mundial est\u00e1 envejeciendo r\u00e1pidamente. Sin embargo, durante los \u00faltimos 50 a\u00f1os se ha&hellip;","og_url":"https:\/\/dcare.training\/es\/proyecto-que-es-d-care\/","og_site_name":"Respect & Respite","article_publisher":"https:\/\/www.facebook.com\/D-Care-Training-101814894692912\/","article_modified_time":"2022-07-20T09:57:35+00:00","og_image":[{"width":1200,"height":630,"url":"https:\/\/dcare.training\/wp-content\/uploads\/2020\/03\/featured-image-project.jpg","type":"image\/jpeg"}],"twitter_card":"summary_large_image","twitter_misc":{"Tiempo de lectura":"4 minutos"},"schema":{"@context":"https:\/\/schema.org","@graph":[{"@type":"WebPage","@id":"https:\/\/dcare.training\/es\/proyecto-que-es-d-care\/","url":"https:\/\/dcare.training\/es\/proyecto-que-es-d-care\/","name":"\u00bfQu\u00e9 es D-Care? - Respect & Respite","isPartOf":{"@id":"https:\/\/dcare.training\/#website"},"primaryImageOfPage":{"@id":"https:\/\/dcare.training\/es\/proyecto-que-es-d-care\/#primaryimage"},"image":{"@id":"https:\/\/dcare.training\/es\/proyecto-que-es-d-care\/#primaryimage"},"thumbnailUrl":"https:\/\/dcare.training\/wp-content\/uploads\/2020\/03\/featured-image-project.jpg","datePublished":"2020-03-04T12:06:17+00:00","dateModified":"2022-07-20T09:57:35+00:00","breadcrumb":{"@id":"https:\/\/dcare.training\/es\/proyecto-que-es-d-care\/#breadcrumb"},"inLanguage":"es","potentialAction":[{"@type":"ReadAction","target":["https:\/\/dcare.training\/es\/proyecto-que-es-d-care\/"]}]},{"@type":"ImageObject","inLanguage":"es","@id":"https:\/\/dcare.training\/es\/proyecto-que-es-d-care\/#primaryimage","url":"https:\/\/dcare.training\/wp-content\/uploads\/2020\/03\/featured-image-project.jpg","contentUrl":"https:\/\/dcare.training\/wp-content\/uploads\/2020\/03\/featured-image-project.jpg","width":1200,"height":630,"caption":"about d-care"},{"@type":"BreadcrumbList","@id":"https:\/\/dcare.training\/es\/proyecto-que-es-d-care\/#breadcrumb","itemListElement":[{"@type":"ListItem","position":1,"name":"Home","item":"https:\/\/dcare.training\/"},{"@type":"ListItem","position":2,"name":"\u00bfQu\u00e9 es D-Care?"}]},{"@type":"WebSite","@id":"https:\/\/dcare.training\/#website","url":"https:\/\/dcare.training\/","name":"D-care | Respect & Respite","description":"D CARE","publisher":{"@id":"https:\/\/dcare.training\/#organization"},"potentialAction":[{"@type":"SearchAction","target":{"@type":"EntryPoint","urlTemplate":"https:\/\/dcare.training\/?s={search_term_string}"},"query-input":{"@type":"PropertyValueSpecification","valueRequired":true,"valueName":"search_term_string"}}],"inLanguage":"es"},{"@type":"Organization","@id":"https:\/\/dcare.training\/#organization","name":"D-care","url":"https:\/\/dcare.training\/","logo":{"@type":"ImageObject","inLanguage":"es","@id":"https:\/\/dcare.training\/#\/schema\/logo\/image\/","url":"https:\/\/dcare.training\/wp-content\/uploads\/2019\/12\/D-care-Logo-300px.png","contentUrl":"https:\/\/dcare.training\/wp-content\/uploads\/2019\/12\/D-care-Logo-300px.png","width":300,"height":300,"caption":"D-care"},"image":{"@id":"https:\/\/dcare.training\/#\/schema\/logo\/image\/"},"sameAs":["https:\/\/www.facebook.com\/D-Care-Training-101814894692912\/"]}]}},"_links":{"self":[{"href":"https:\/\/dcare.training\/es\/wp-json\/wp\/v2\/pages\/693"}],"collection":[{"href":"https:\/\/dcare.training\/es\/wp-json\/wp\/v2\/pages"}],"about":[{"href":"https:\/\/dcare.training\/es\/wp-json\/wp\/v2\/types\/page"}],"author":[{"embeddable":true,"href":"https:\/\/dcare.training\/es\/wp-json\/wp\/v2\/users\/1"}],"replies":[{"embeddable":true,"href":"https:\/\/dcare.training\/es\/wp-json\/wp\/v2\/comments?post=693"}],"version-history":[{"count":0,"href":"https:\/\/dcare.training\/es\/wp-json\/wp\/v2\/pages\/693\/revisions"}],"wp:featuredmedia":[{"embeddable":true,"href":"https:\/\/dcare.training\/es\/wp-json\/wp\/v2\/media\/788"}],"wp:attachment":[{"href":"https:\/\/dcare.training\/es\/wp-json\/wp\/v2\/media?parent=693"}],"curies":[{"name":"wp","href":"https:\/\/api.w.org\/{rel}","templated":true}]}}